{"version":"1.0","type":"rich","provider_name":"\u003Cabbr title=\"Syndicat Unitaire National D&#233;mocratique des personnels de l&#039;Enseignement et de la formation Priv&#233;s\"\u003ESundep\u003C\/abbr\u003E-Solidaires Paris \u003Cspan class=\"caps\"\u003ESUD\u003C\/span\u003E Enseignement priv\u00e9","provider_url":"https:\/\/www.sundep-paris.org","title":"Session 2027\u00a0: Calendrier des examens professionnels","author_name":"VOGT Catherine","width":"480","height":"295","url":"https:\/\/www.sundep-paris.org\/Session-2027-Calendrier-des-examens-professionnels","html":"\u003Ch4 class='title'\u003E\u003Ca href='https:\/\/www.sundep-paris.org\/Session-2027-Calendrier-des-examens-professionnels'\u003ESession 2027\u00a0: Calendrier des examens professionnels\u003C\/a\u003E\u003C\/h4\u003E\u003Cblockquote class='spip'\u003E\n\u003Cp\u003ELe calendrier des \u00e9preuves des examens professionnels (\u003Cspan class=\"caps\"\u003ECAP\u003C\/span\u003E, \u003Cspan class=\"caps\"\u003EBP\u003C\/span\u003E,  Brevet des m\u00e9tiers d\u2019art et Brevet de technicien des m\u00e9tiers de la musique) est paru au \u003Cspan class=\"caps\"\u003EB.O.\u003C\/span\u003E de rentr\u00e9e. \n\nRetrouvez toutes les dates dans notre article. \n\n Certificat d\u2019aptitude professionnelle Langue vivante obligatoire (\u00e9preuve \u00e9crite)\u00a0: lundi 31\u00a0mai 2027 de 8h \u00e0 9h Arts appliqu\u00e9s et cultures artistiques (\u00e9preuve facultative)\u00a0: lundi 31\u00a0mai 2027 de 10h \u00e0 11h30 Pr\u00e9vention, sant\u00e9 et environnement\u00a0: mardi 1\u003Csup class=\"typo_exposants\"\u003Eer\u003C\/sup\u003E juin 2027 de 8h \u00e0\u00a0(\u2026)\u003C\/p\u003E\n\u003C\/blockquote\u003E\n"}