{"version":"1.0","type":"rich","provider_name":"\u003Cabbr title=\"Syndicat Unitaire National D&#233;mocratique des personnels de l&#039;Enseignement et de la formation Priv&#233;s\"\u003ESundep\u003C\/abbr\u003E-Solidaires Paris \u003Cspan class=\"caps\"\u003ESUD\u003C\/span\u003E Enseignement priv\u00e9","provider_url":"https:\/\/www.sundep-paris.org","title":"Session 2027\u00a0: Calendrier des \u00e9preuves du dipl\u00f4me national du brevet (\u003Cspan class=\"caps\"\u003EDNB\u003C\/span\u003E)","author_name":"VOGT Catherine","width":"480","height":"295","url":"https:\/\/www.sundep-paris.org\/Session-2027-Calendrier-des-examens-du-diplome-national-du","html":"\u003Ch4 class='title'\u003E\u003Ca href='https:\/\/www.sundep-paris.org\/Session-2027-Calendrier-des-examens-du-diplome-national-du'\u003ESession 2027\u00a0: Calendrier des \u00e9preuves du dipl\u00f4me national du brevet (\u003Cspan class=\"caps\"\u003EDNB\u003C\/span\u003E)\u003C\/a\u003E\u003C\/h4\u003E\u003Cblockquote class='spip'\u003E\n\u003Cp\u003ELe calendrier des \u00e9preuves du dipl\u00f4me national du brevet (\u003Cspan class=\"caps\"\u003EDNB\u003C\/span\u003E) est paru au \u003Cspan class=\"caps\"\u003EB.O.\u003C\/span\u003E de rentr\u00e9e. \n\nRetrouvez toutes les dates dans notre article. \n\nVous avez rencontr\u00e9 des probl\u00e8mes ou constat\u00e9 des dysfonctionnements au cours de vos missions de correction, \u00e9crivez-nous pour en rendre compte lors de notre prochain rendez-vous avec le \u003Cspan class=\"caps\"\u003ESIEC\u003C\/span\u003E\u00a0: sundep.paris chez gmail.com \n\n Jeudi 24\u00a0juin 2027 - Tous candidats Fran\u00e7ais 1\u003Csup class=\"typo_exposants\"\u003Ere\u003C\/sup\u003E partie (grammaire et comp\u00e9tences linguistiques - compr\u00e9hension et comp\u00e9tences\u00a0(\u2026)\u003C\/p\u003E\n\u003C\/blockquote\u003E\n"}