{"version":"1.0","type":"rich","provider_name":"\u003Cabbr title=\"Syndicat Unitaire National D&#233;mocratique des personnels de l&#039;Enseignement et de la formation Priv&#233;s\"\u003ESundep\u003C\/abbr\u003E-Solidaires Paris \u003Cspan class=\"caps\"\u003ESUD\u003C\/span\u003E Enseignement priv\u00e9","provider_url":"https:\/\/www.sundep-paris.org","title":"Pr\u00e9sidentielle 2027\u00a0: stop \u00e0 la surench\u00e8re raciste","author_name":"VOGT Catherine","width":"480","height":"295","url":"https:\/\/www.sundep-paris.org\/Presidentielle-2027-stop-a-la-surenchere-raciste","html":"\u003Ch4 class='title'\u003E\u003Ca href='https:\/\/www.sundep-paris.org\/Presidentielle-2027-stop-a-la-surenchere-raciste'\u003EPr\u00e9sidentielle 2027\u00a0: stop \u00e0 la surench\u00e8re raciste\u003C\/a\u003E\u003C\/h4\u003E\u003Cblockquote class='spip'\u003E\n\u003Cp\u003E\u00c0 l\u2019approche de l\u2019\u00e9lection pr\u00e9sidentielle, une course inqui\u00e9tante s\u2019installe\u00a0: \u00e0 droite comme \u00e0 l\u2019extr\u00eame droite, les candidat\u003Cspan aria-hidden='true'\u003E\u00b7\u003C\/span\u003Ees rivalisent de propositions toujours plus racistes sur l\u2019immigration, le droit du sol, l\u2019asile ou encore le regroupement familial. \n\nLe Rassemblement national avait d\u00e9j\u00e0 donn\u00e9 le ton\u2026 \n\nLisez le communiqu\u00e9 de Solidaires dans notre article. \n\n Le Rassemblement national avait d\u00e9j\u00e0 donn\u00e9 le ton, mais il n\u2019est d\u00e9sormais plus le seul \u00e0 porter ces discours racistes.\u00a0(\u2026)\u003C\/p\u003E\n\u003C\/blockquote\u003E\n"}