{"version":"1.0","type":"rich","provider_name":"\u003Cabbr title=\"Syndicat Unitaire National D&#233;mocratique des personnels de l&#039;Enseignement et de la formation Priv&#233;s\"\u003ESundep\u003C\/abbr\u003E-Solidaires Paris \u003Cspan class=\"caps\"\u003ESUD\u003C\/span\u003E Enseignement priv\u00e9","provider_url":"https:\/\/www.sundep-paris.org","title":"L&#8217;Alliance fran\u00e7aise Paris \u00cele-de-France en gr\u00e8ve","author_name":"Hermitte Isabelle","width":"480","height":"295","url":"http:\/\/www.sundep-paris.org\/L-Alliance-francaise-Paris-Ile-de-France-en-greve","html":"\u003Ch4 class='title'\u003E\u003Ca href='http:\/\/www.sundep-paris.org\/L-Alliance-francaise-Paris-Ile-de-France-en-greve'\u003EL&#8217;Alliance fran\u00e7aise Paris \u00cele-de-France en gr\u00e8ve\u003C\/a\u003E\u003C\/h4\u003E\u003Cblockquote class='spip'\u003E\n\u003Cp\u003EA l\u2019appel des syndicats \u003Cspan class=\"caps\"\u003ECFTC\u003C\/span\u003E, \u003Cspan class=\"caps\"\u003EUNSA\u003C\/span\u003E et Sundep Solidaires, les salari\u00e9.es de l\u2019Alliance Fran\u00e7aise se sont mis en gr\u00e8ve le 17\u00a0f\u00e9vrier. \n\nCe mouvement de gr\u00e8ve a pour motif et justification l\u2019expression d\u2019un profond d\u00e9saccord des salari\u00e9s et de leurs repr\u00e9sentants, le refus du plan de restructuration, l\u2019insuffisance des mesures alternatives et d\u2019accompagnement ou de reclassement propos\u00e9es dans le cadre de la n\u00e9gociation du plan de sauvegarde de l\u2019entreprise.  Il a \u00e9galement pour revendication la\u00a0(\u2026)\u003C\/p\u003E\n\u003C\/blockquote\u003E\n"}