{"version":"1.0","type":"rich","provider_name":"\u003Cabbr title=\"Syndicat Unitaire National D&#233;mocratique des personnels de l&#039;Enseignement et de la formation Priv&#233;s\"\u003ESundep\u003C\/abbr\u003E-Solidaires Paris \u003Cspan class=\"caps\"\u003ESUD\u003C\/span\u003E Enseignement priv\u00e9","provider_url":"https:\/\/www.sundep-paris.org","title":"Comment s\u2019opposer \u00e0 la st\u00e9rinisation de l\u2019enseignement priv\u00e9\u003Csmall class=\"fine d-inline\"\u003E\u00a0\u003C\/small\u003E?","author_name":"Hermitte Isabelle","width":"480","height":"295","url":"http:\/\/www.sundep-paris.org\/Comment-s-opposer-a-la-sterinisation-de-l-enseignement","html":"\u003Ch4 class='title'\u003E\u003Ca href='http:\/\/www.sundep-paris.org\/Comment-s-opposer-a-la-sterinisation-de-l-enseignement'\u003EComment s\u2019opposer \u00e0 la st\u00e9rinisation de l\u2019enseignement priv\u00e9\u003Csmall class=\"fine d-inline\"\u003E\u00a0\u003C\/small\u003E?\u003C\/a\u003E\u003C\/h4\u003E\u003Cblockquote class='spip'\u003E\n\u003Cp\u003EContre la st\u00e9rinisation, notamment dans le cadre de l\u2019\u003Cspan class=\"caps\"\u003EEVARS\u003C\/span\u003E, une soir\u00e9e est organis\u00e9e ce samedi 8\u00a0novembre, au Cirque \u00e9lectrique (Porte des Lilas). Des tables rondes d\u00e9crypteront le syst\u00e8me St\u00e9rin. \n\n Pierre-Edouard St\u00e9rin d\u00e9fie la chronique depuis quelques ann\u00e9es car, m\u00eame s\u2019il s\u2019en d\u00e9fie, ses millions servent la cause de la Droite extr\u00eame, comme il faut dire pudiquement. L\u2019homme \u2013 pas encore sanctifiable mais soucieux de l\u2019\u00eatre - tire sa fortune de la diffusion des \u00ab\u003Csmall class=\"fine d-inline\"\u003E\u00a0\u003C\/small\u003Esmartbox\u003Csmall class=\"fine d-inline\"\u003E\u00a0\u003C\/small\u003E\u00bb que tout le\u00a0(\u2026)\u003C\/p\u003E\n\u003C\/blockquote\u003E\n"}